{"id":1482,"date":"2024-02-27T13:14:50","date_gmt":"2024-02-27T12:14:50","guid":{"rendered":"https:\/\/uprizon.com\/?page_id=1482"},"modified":"2024-04-08T14:15:07","modified_gmt":"2024-04-08T12:15:07","slug":"legal-notice-and-privacy-policy","status":"publish","type":"page","link":"https:\/\/uprizon.com\/fr\/legal-notice-and-privacy-policy\/","title":{"rendered":"Mentions l\u00e9gales et politique de confidentialit\u00e9"},"content":{"rendered":"<p class=\"wp-block-paragraph\">La soci\u00e9t\u00e9 Uprizon SAS, soucieuse des droits des individus, notamment au regard des traitements automatis\u00e9s et dans une volont\u00e9 de transparence avec ses clients, a mis en place une politique reprenant l\u2019ensemble de ses traitements, des finalit\u00e9s poursuivies par ces derniers ainsi que des moyens d\u2019actions \u00e0 la disposition des individus afin qu\u2019ils puissent au mieux exercer leurs droits. \n\nPour toute information compl\u00e9mentaire sur la protection des donn\u00e9es personnelles, nous vous invitons \u00e0 consulter le site : https:\/\/www.cnil.fr\/<\/p>\n\n\n\n<p class=\"wp-block-paragraph translation-block\">Conform\u00e9ment aux dispositions des Articles 6-III et 19 de la Loi n\u00b02004-575 du 21 juin 2004 pour la Confiance dans l\u2019\u00e9conomie num\u00e9rique, dite L.C.E.N., il est port\u00e9 \u00e0 la connaissance des utilisateurs des sites www.uprizon.com et www.uprizon.fr les pr\u00e9sentes mentions l\u00e9gales. \n\nLa connexion et la navigation sur les sites par l\u2019utilisateur implique l'acceptation int\u00e9grale et sans r\u00e9serve des pr\u00e9sentes mentions l\u00e9gales.<\/p>\n\n\n\n<p class=\"wp-block-paragraph\">La version actuellement en ligne de ces mentions l\u00e9gales est la seule opposable pendant toute la dur\u00e9e d'utilisation des sites et jusqu'\u00e0 ce qu'une nouvelle version la remplace.<\/p>\n\n\n\n<p class=\"wp-block-paragraph\"><strong>Article 1 - Mentions l\u00e9gales<\/strong><\/p>\n\n\n\n<p class=\"wp-block-paragraph\"><strong>1.1 Sites (ci-apr\u00e8s \u00ab les sites \u00bb) :<\/strong><\/p>\n\n\n\n<p class=\"wp-block-paragraph\"><a href=\"https:\/\/uprizon.com\/fr\/\">www.uprizon.com<\/a> et <a href=\"http:\/\/www.uprizon.fr\" target=\"_blank\" rel=\"noopener\">www.uprizon.fr<\/a><\/p>\n\n\n\n<p class=\"wp-block-paragraph\"><strong>1.2 \u00c9diteur (ci-apr\u00e8s \u00ab l'\u00e9diteur \u00bb) :&nbsp;<\/strong><\/p>\n\n\n\n<p class=\"wp-block-paragraph translation-block\">Uprizon SAS au capital de 150 000,00 \u20ac<br>dont le si\u00e8ge social est situ\u00e9 :<br>145 rue de Belleville 75019 Paris<br>repr\u00e9sent\u00e9e par Ralph Abou Selwan, en sa qualit\u00e9 de Pr\u00e9sident<br>immatricul\u00e9e au RCS de Paris sous le num\u00e9ro SIRET 801 016 247 00034<br>N\u00b0 TVA Intracommunautaire : FR 47 801016247<br>adresse mail : <a href=\"mailto:contact@uprizon.com\" target=\"_self\">contact@uprizon.com<\/a><\/p>\n\n\n\n<p class=\"wp-block-paragraph\"><strong>1.3 H\u00e9bergeur (ci-apr\u00e8s \u00ab l'h\u00e9bergeur \u00bb) :<\/strong><\/p>\n\n\n\n<p class=\"wp-block-paragraph\">Squarespace Ireland Ltd., dont le si\u00e8ge social est situ\u00e9 1st Floor, Le Pole House Dublin 8, Ireland.<br>Contact : <a href=\"https:\/\/www.squarespace.com\/contact\" target=\"_blank\" rel=\"noopener\">https:\/\/www.squarespace.com\/contact<\/a>\u00a0<\/p>\n\n\n\n<p class=\"wp-block-paragraph\"><strong>1.4 D\u00e9l\u00e9gu\u00e9 \u00e0 la protection des donn\u00e9es (DPO) :<\/strong><\/p>\n\n\n\n<p class=\"wp-block-paragraph\">Uprizon a d\u00e9sign\u00e9 un(e) D\u00e9l\u00e9gu\u00e9(e) \u00e0 la Protection des Donn\u00e9es Personnelles qui peut \u00eatre contact\u00e9 \u00e0 l\u2019adresse : <a href=\"mailto:privacy@uprizon.com\">mailto:privacy@uprizon.com<\/a>. Il \/ elle est \u00e0 votre disposition pour toute question relative \u00e0 la protection de vos donn\u00e9es personnelles.<\/p>\n\n\n\n<p class=\"wp-block-paragraph\"><strong>Article 2 - Acc\u00e8s aux sites<\/strong><\/p>\n\n\n\n<p class=\"wp-block-paragraph\">L'acc\u00e8s aux sites et leur utilisation sont r\u00e9serv\u00e9s \u00e0 un usage strictement personnel. Vous vous engagez \u00e0 ne pas utiliser ces sites et les informations ou donn\u00e9es qui y figurent \u00e0 des fins commerciales, politiques, publicitaires et pour toute forme de sollicitation commerciale et notamment l'envoi de courriers \u00e9lectroniques non sollicit\u00e9s.<\/p>\n\n\n\n<p class=\"wp-block-paragraph\"><strong>Article 3 - Contenu des sites<\/strong><\/p>\n\n\n\n<p class=\"wp-block-paragraph\">Toutes les marques, photographies, textes, commentaires, illustrations, images anim\u00e9es ou non, s\u00e9quences vid\u00e9o, sons, ainsi que toutes les applications informatiques qui pourraient \u00eatre utilis\u00e9es pour faire fonctionner ces sites et plus g\u00e9n\u00e9ralement tous les \u00e9l\u00e9ments reproduits ou utilis\u00e9s sur les sites sont prot\u00e9g\u00e9s par les lois en vigueur au titre de la propri\u00e9t\u00e9 intellectuelle.<\/p>\n\n\n\n<p class=\"wp-block-paragraph\">Ils sont la propri\u00e9t\u00e9 pleine et enti\u00e8re de l'\u00c9diteur ou de ses partenaires. Toute reproduction, repr\u00e9sentation, utilisation ou adaptation, sous quelque forme que ce soit, de tout ou partie de ces \u00e9l\u00e9ments, y compris les applications informatiques, sans l'accord pr\u00e9alable et \u00e9crit de l'\u00e9diteur, sont strictement interdites. Le fait pour l'\u00e9diteur de ne pas engager de proc\u00e9dure d\u00e8s la prise de connaissance de ces utilisations non autoris\u00e9es ne vaut pas acceptation desdites utilisations et renonciation aux poursuites.<\/p>\n\n\n\n<p class=\"wp-block-paragraph\"><strong>Article 4 - Gestion des sites<\/strong><\/p>\n\n\n\n<div class=\"wp-block-group\"><div class=\"wp-block-group__inner-container is-layout-constrained wp-block-group-is-layout-constrained\">\n<p class=\"wp-block-paragraph\">Pour la bonne gestion des sites, l'\u00c9diteur pourra \u00e0 tout moment :<\/p>\n\n\n\n<ul class=\"wp-block-list\">\n<li>suspendre, interrompre ou limiter l'acc\u00e8s \u00e0 tout ou partie des sites, r\u00e9server l'acc\u00e8s aux sites, ou \u00e0 certaines parties des sites, \u00e0 une cat\u00e9gorie d\u00e9termin\u00e9e d'internautes ;<\/li>\n\n\n\n<li>supprimer toute information pouvant en perturber le fonctionnement ou entrant en contravention avec les lois nationales ou internationales ;<\/li>\n\n\n\n<li>suspendre les sites afin de proc\u00e9der \u00e0 des mises \u00e0 jour.<\/li>\n<\/ul>\n<\/div><\/div>\n\n\n\n<p class=\"wp-block-paragraph\"><strong>Article 5 - Responsabilit\u00e9s<\/strong><\/p>\n\n\n\n<p class=\"wp-block-paragraph\">La responsabilit\u00e9 de l'Editeur ne peut \u00eatre engag\u00e9e en cas de d\u00e9faillance, panne, difficult\u00e9 ou interruption de fonctionnement, emp\u00eachant l'acc\u00e8s aux sites ou \u00e0 une de leurs fonctionnalit\u00e9s.<\/p>\n\n\n\n<p class=\"wp-block-paragraph\">Le mat\u00e9riel de connexion aux sites que vous utilisez est sous votre enti\u00e8re responsabilit\u00e9. Vous devez prendre toutes les mesures appropri\u00e9es pour prot\u00e9ger votre mat\u00e9riel et vos propres donn\u00e9es notamment d'attaques virales par Internet. Vous \u00eates par ailleurs seul responsable des sites et donn\u00e9es que vous consultez.<\/p>\n\n\n\n<p class=\"wp-block-paragraph\">L'\u00c9diteur ne pourra \u00eatre tenu responsable en cas de poursuites judiciaires \u00e0 votre encontre :<\/p>\n\n\n\n<ul class=\"wp-block-list\">\n<li>du fait de l'usage des sites ou de tout service accessible via Internet ;<\/li>\n\n\n\n<li>du fait du non-respect par vous des pr\u00e9sentes mentions l\u00e9gales.<\/li>\n<\/ul>\n\n\n\n<p class=\"wp-block-paragraph\">L'\u00c9diteur n'est pas responsable des dommages caus\u00e9s \u00e0 vous-m\u00eame, \u00e0 des tiers et\/ou \u00e0 votre \u00e9quipement du fait de votre connexion ou de votre utilisation des sites et vous renoncez \u00e0 toute action contre lui de ce fait.<br>Si l'\u00c9diteur venait \u00e0 faire l'objet d'une proc\u00e9dure amiable ou judiciaire en raison de votre utilisation des sites, il pourra se retourner contre vous pour obtenir l'indemnisation de tous les pr\u00e9judices, sommes, condamnations et frais qui pourraient d\u00e9couler de cette proc\u00e9dure.<\/p>\n\n\n\n<p class=\"wp-block-paragraph\"><strong>Article 6 - Liens hypertextes<\/strong><\/p>\n\n\n\n<p class=\"wp-block-paragraph\">La mise en place par les utilisateurs de tous liens hypertextes vers tout ou partie des sites est autoris\u00e9e par l'\u00c9diteur. Tout lien devra \u00eatre retir\u00e9 sur simple demande de l'\u00c9diteur. \n\nToute information accessible via un lien vers d'autres sites n'est pas publi\u00e9e par l'\u00c9diteur. l'\u00c9diteur ne dispose d'aucun droit sur le contenu pr\u00e9sent dans ledit lien.<\/p>\n\n\n\n<p class=\"wp-block-paragraph\"><strong>Article 7 - Collecte et protection des donn\u00e9es<\/strong><\/p>\n\n\n\n<p class=\"wp-block-paragraph\">Vos donn\u00e9es sont collect\u00e9es par la soci\u00e9t\u00e9 Uprizon SAS.<br>Une donn\u00e9e \u00e0 caract\u00e8re personnel d\u00e9signe toute information concernant une personne physique identifi\u00e9e ou identifiable (personne concern\u00e9e) ; est r\u00e9put\u00e9e identifiable une personne qui peut \u00eatre identifi\u00e9e, directement ou indirectement, notamment par r\u00e9f\u00e9rence \u00e0 un nom, un num\u00e9ro d'identification ou \u00e0 un ou plusieurs \u00e9l\u00e9ments sp\u00e9cifiques, propres \u00e0 son identit\u00e9 physique, physiologique, g\u00e9n\u00e9tique, psychique, \u00e9conomique, culturelle ou sociale.<br>Les informations personnelles pouvant \u00eatre recueillies sur les sites sont principalement utilis\u00e9es par l'\u00e9diteur pour la gestion des relations avec vous, et le cas \u00e9ch\u00e9ant pour le traitement de votre candidature ou de votre demande. Elles sont recueillies uniquement sur la base de votre consentement.<\/p>\n\n\n\n<p class=\"wp-block-paragraph\">Les donn\u00e9es personnelles collect\u00e9es sont les suivantes :<\/p>\n\n\n\n<ul class=\"wp-block-list\">\n<li>Nom et pr\u00e9nom<\/li>\n\n\n\n<li>Adresse mail<\/li>\n\n\n\n<li>Num\u00e9ro de t\u00e9l\u00e9phone<\/li>\n\n\n\n<li>CV et parcours acad\u00e9mique et professionnel<\/li>\n\n\n\n<li>Fourchette de r\u00e9mun\u00e9ration souhait\u00e9e<\/li>\n\n\n\n<li>Poste souhait\u00e9<\/li>\n\n\n\n<li>Adresse IP des visiteurs<\/li>\n<\/ul>\n\n\n\n<p class=\"wp-block-paragraph\">Notre D\u00e9l\u00e9gu\u00e9(e) \u00e0 la Protection des Donn\u00e9es Personnelles, <a href=\"mailto:privacy@uprizon.com\">mailto:privacy@uprizon.com<\/a>, est \u00e0 votre disposition pour toute question relative \u00e0 la protection de vos donn\u00e9es personnelles.<\/p>\n\n\n\n<p class=\"wp-block-paragraph\"><strong>Article 8 - Droit d\u2019acc\u00e8s, de rectification et de d\u00e9r\u00e9f\u00e9rencement de vos donn\u00e9es<\/strong><\/p>\n\n\n\n<p class=\"wp-block-paragraph\">En application de la r\u00e9glementation applicable aux donn\u00e9es \u00e0 caract\u00e8re personnel, les utilisateurs disposent des droits suivants :<\/p>\n\n\n\n<ul class=\"wp-block-list\">\n<li>le droit d\u2019acc\u00e8s : ils peuvent exercer leur droit d'acc\u00e8s, pour conna\u00eetre les donn\u00e9es personnelles les concernant, en \u00e9crivant \u00e0 l'adresse \u00e9lectronique ci-dessous mentionn\u00e9e. Dans ce cas, avant la mise en \u0153uvre de ce droit, l'\u00c9diteur peut demander une preuve de l'identit\u00e9 de l'utilisateur afin d'en v\u00e9rifier l'exactitude ;<\/li>\n\n\n\n<li>le droit de rectification : si les donn\u00e9es \u00e0 caract\u00e8re personnel d\u00e9tenues par l'\u00c9diteur sont inexactes, ils peuvent demander la mise \u00e0 jour des informations ;<\/li>\n\n\n\n<li>le droit de suppression des donn\u00e9es : les utilisateurs peuvent demander la suppression de leurs donn\u00e9es \u00e0 caract\u00e8re personnel, conform\u00e9ment aux lois applicables en mati\u00e8re de protection des donn\u00e9es ;<\/li>\n\n\n\n<li>le droit \u00e0 la limitation du traitement : les utilisateurs peuvent demander \u00e0 l'\u00c9diteur de limiter le traitement des donn\u00e9es personnelles, ou de geler temporairement l\u2019utilisation de certaines de leurs donn\u00e9es, conform\u00e9ment au cadre pr\u00e9vu par le RGPD ;<\/li>\n\n\n\n<li>le droit de s\u2019opposer au traitement des donn\u00e9es : les utilisateurs peuvent s\u2019opposer \u00e0 ce que leurs donn\u00e9es soient trait\u00e9es conform\u00e9ment aux hypoth\u00e8ses pr\u00e9vues par le RGPD ;<\/li>\n\n\n\n<li>le droit \u00e0 la portabilit\u00e9 : ils peuvent r\u00e9clamer que l'\u00c9diteur leur remette les donn\u00e9es personnelles qu'ils ont fournies pour les transmettre \u00e0 un nouvel \u00c9diteur.<\/li>\n<\/ul>\n\n\n\n<p class=\"wp-block-paragraph\">Vous pouvez exercer ce droit en nous contactant, \u00e0 l\u2019adresse suivante :<br>Uprizon<br>D\u00e9l\u00e9gu\u00e9(e) \u00e0 la Protection des Donn\u00e9es Personnelles<br>145 rue de Belleville 75019 Paris<\/p>\n\n\n\n<p class=\"wp-block-paragraph\">Ou par email, \u00e0 l\u2019adresse :<br>mailto:privacy@uprizon.com<\/p>\n\n\n\n<p class=\"wp-block-paragraph\">Toute demande doit \u00eatre accompagn\u00e9e de la photocopie d\u2019un titre d\u2019identit\u00e9 en cours de validit\u00e9 sign\u00e9 et faire mention de l\u2019adresse \u00e0 laquelle l'\u00c9diteur pourra contacter le demandeur. La r\u00e9ponse sera adress\u00e9e dans le mois suivant la r\u00e9ception de la demande. Ce d\u00e9lai d'un mois peut \u00eatre prolong\u00e9 de deux mois si la complexit\u00e9 de la demande et\/ou le nombre de demandes l'exigent.<\/p>\n\n\n\n<p class=\"wp-block-paragraph\">De plus, et depuis la loi n\u00b02016-1321 du 7 octobre 2016, les personnes qui le souhaitent, ont la possibilit\u00e9 d\u2019organiser le sort \/ la gestion de leurs donn\u00e9es apr\u00e8s leur d\u00e9c\u00e8s. Pour plus d\u2019information sur le sujet, vous pouvez consulter le site Internet de la CNIL :<a href=\"https:\/\/www.cnil.fr\" rel=\"nofollow\">https:\/\/www.cnil.fr<\/a>.<\/p>\n\n\n\n<p class=\"wp-block-paragraph\">Les utilisateurs peuvent aussi introduire une r\u00e9clamation aupr\u00e8s de la CNIL sur le site de la CNIL :<a href=\"https:\/\/www.cnil.fr\" target=\"_blank\" rel=\"noopener\">https:\/\/www.cnil.fr<\/a><\/p>\n\n\n\n<p class=\"wp-block-paragraph\">Nous vous recommandons de nous contacter dans un premier temps avant de d\u00e9poser une r\u00e9clamation \/ plainte aupr\u00e8s de la CNIL, car nous sommes \u00e0 votre enti\u00e8re disposition pour r\u00e9gler votre probl\u00e8me et r\u00e9pondre \u00e0 vos demandes.<\/p>\n\n\n\n<p class=\"wp-block-paragraph\"><strong>Article 9 - Utilisation des donn\u00e9es<\/strong><\/p>\n\n\n\n<p class=\"wp-block-paragraph\">Les donn\u00e9es personnelles sont collect\u00e9es et trait\u00e9es selon des finalit\u00e9s d\u00e9finies et pr\u00e9cises et seront principalement utilis\u00e9es pour faire fonctionner notre entreprise ; fournir les produits ou services appropri\u00e9s, le cas \u00e9ch\u00e9ant ; am\u00e9liorer votre exp\u00e9rience utilisateur ; vous fournir des communications personnalis\u00e9es ; promouvoir les produits et services UPRIZON qui, selon nous, pourraient vous int\u00e9resser ; et \u00e0 des fins d'analyse de donn\u00e9es, de marketing, d'analyse des ventes, d'identification et de poursuite d'opportunit\u00e9s commerciales communes, d'\u00e9tudes commerciales, d'emploi, etc., lesquels analyses, programmes et \u00e9tudes seront la propri\u00e9t\u00e9 d'UPRIZON.<\/p>\n\n\n\n<p class=\"wp-block-paragraph\">Nous pouvons \u00e9galement utiliser ces informations pour vous proposer des offres, nous aider \u00e0 vous cibler avec des produits ou services sp\u00e9cifiques, vous envoyer des communications commerciales par e-mail ou tout autre moyen de communication \u00e9lectronique \u00e9quivalent ou par t\u00e9l\u00e9phone, et nous aider \u00e0 d\u00e9velopper et am\u00e9liorer nos sites et \u00e0 les adapter \u00e0 vos int\u00e9r\u00eats.<\/p>\n\n\n\n<p class=\"wp-block-paragraph\">Enfin, nous pouvons utiliser les informations pour mener des enqu\u00eates et des analyses \u00e0 des fins de recherche, de statistiques et de d\u00e9veloppement de produits et atteindre de temps \u00e0 autre d'autres objectifs autoris\u00e9s par la loi.<\/p>\n\n\n\n<p class=\"wp-block-paragraph\"><strong>Article 10 - Politique de conservation des donn\u00e9es<\/strong><\/p>\n\n\n\n<p class=\"wp-block-paragraph\">Les sites conservent vos donn\u00e9es pour la dur\u00e9e n\u00e9cessaire pour r\u00e9aliser l\u2019objectif (la finalit\u00e9 de traitement) pour lesquelles elles ont \u00e9t\u00e9 obtenues.<\/p>\n\n\n\n<p class=\"wp-block-paragraph\">Dans la mesure raisonnablement n\u00e9cessaire ou requise pour satisfaire aux obligations l\u00e9gales ou r\u00e9glementaires, r\u00e9gler des litiges, emp\u00eacher les fraudes et abus ou appliquer nos modalit\u00e9s et conditions, nous pouvons \u00e9galement, si n\u00e9cessaire, conserver certaines de vos informations m\u00eame apr\u00e8s que nous n'en ayons plus besoin pour vous fournir nos services.<\/p>\n\n\n\n<p class=\"wp-block-paragraph\">Nous ne conserverons jamais vos donn\u00e9es personnelles au-del\u00e0 de 10 ans sauf indications contraires stipul\u00e9es par la loi.<\/p>\n\n\n\n<p class=\"wp-block-paragraph\"><strong>Article 11- Partage des donn\u00e9es personnelles avec des tiers<\/strong><\/p>\n\n\n\n<p class=\"wp-block-paragraph\">Les donn\u00e9es personnelles peuvent \u00eatre partag\u00e9es avec des soci\u00e9t\u00e9s tierces hors et dans l\u2019Union Europ\u00e9enne.<br>Si vous acc\u00e9dez \u00e0 nos sites depuis un \u00e9tat de l\u2019Union Europ\u00e9enne ou depuis un pays avec des lois strictes sur la confidentialit\u00e9 et la protection des donn\u00e9es personnelles, vous devez savoir que vos donn\u00e9es personnelles peuvent \u00eatre transf\u00e9r\u00e9es et conserv\u00e9es dans des pays o\u00f9 la loi sur la confidentialit\u00e9 et la protection des donn\u00e9es est moins stricte que celle de l\u2019Union Europ\u00e9enne.<br>Cependant, Uprizon prend des mesures raisonnables et appropri\u00e9es pour prot\u00e9ger les donn\u00e9es personnelles que nous collectons.<\/p>\n\n\n\n<p class=\"wp-block-paragraph\">En soumettant vos donn\u00e9es personnelles, vous acceptez leur transfert, leur stockage et leur traitement dans ces pays.<br>Ne soumettez pas de donn\u00e9es personnelles si vous n\u2019\u00eates pas en accord avec l\u2019usage fait de vos donn\u00e9es personnelles et le transfert hors de l\u2019Union Europ\u00e9enne.<\/p>\n\n\n\n<p class=\"wp-block-paragraph\">Si la loi l'exige, l'\u00c9diteur peut effectuer des transmissions de donn\u00e9es pour donner suite aux r\u00e9clamations pr\u00e9sent\u00e9es contre lui et se conformer aux proc\u00e9dures administratives et judiciaires.<\/p>\n\n\n\n<p class=\"wp-block-paragraph\"><strong>Article 12 - Offres commerciales<\/strong><\/p>\n\n\n\n<p class=\"wp-block-paragraph\">Vous \u00eates susceptible de recevoir des offres commerciales de la part de l'\u00c9diteur. Si vous ne le souhaitez pas, veuillez adresser un email \u00e0 : privacy@uprizon.com.<br>Vos donn\u00e9es sont susceptibles d\u2019\u00eatre utilis\u00e9es par les partenaires de l'\u00e9diteur \u00e0 des fins de prospection commerciale. Si vous ne le souhaitez pas, veuillez envoyer un email \u00e0 : privacy@uprizon.com.<br>Si, lors de la consultation de nos sites, vous acc\u00e9dez \u00e0 des donn\u00e9es \u00e0 caract\u00e8re personnel, vous devez vous abstenir de toute collecte, de toute utilisation non autoris\u00e9e et de tout acte pouvant constituer une atteinte \u00e0 la vie priv\u00e9e ou \u00e0 la r\u00e9putation des personnes. L'\u00c9diteur d\u00e9cline toute responsabilit\u00e9 \u00e0 cet \u00e9gard.<br>Les donn\u00e9es sont conserv\u00e9es et utilis\u00e9es pour une dur\u00e9e conforme \u00e0 la l\u00e9gislation en vigueur.<\/p>\n\n\n\n<p class=\"wp-block-paragraph\"><strong>Article 13 - Cookies&nbsp;<\/strong><\/p>\n\n\n\n<p class=\"wp-block-paragraph\">Qu\u2019est-ce qu\u2019un \u00ab cookie \u00bb ?\n\nUn \u00ab Cookie \u00bb ou traceur est un fichier \u00e9lectronique d\u00e9pos\u00e9 sur un terminal (ordinateur, tablette, smartphone,\u2026) et lu par exemple lors de la consultation d'un site internet, de la lecture d'un courrier \u00e9lectronique, de l'installation ou de l'utilisation d'un logiciel ou d'une application mobile et ce, quel que soit le type de terminal utilis\u00e9 (Source :<\/p>\n\n\n\n<figure class=\"wp-block-embed\"><div class=\"wp-block-embed__wrapper\">\n<a href=\"https:\/\/www.cnil.fr\/fr\/cookies-traceurs-que-dit-la-loi\" rel=\"nofollow\">https:\/\/www.cnil.fr\/fr\/cookies-traceurs-que-dit-la-loi<\/a>).\n<\/div><\/figure>\n\n\n\n<p class=\"wp-block-paragraph\">Le site peut collecter automatiquement des informations standards. Toutes les informations collect\u00e9es indirectement ne seront utilis\u00e9es que pour suivre le volume, le type et la configuration du trafic utilisant ce site, pour en d\u00e9velopper la conception et l'agencement et \u00e0 d'autres fins administratives et de planification et plus g\u00e9n\u00e9ralement pour am\u00e9liorer le service que nous vous offrons.<\/p>\n\n\n\n<p class=\"wp-block-paragraph\">Le cas \u00e9ch\u00e9ant, des \u00ab cookies \u00bb \u00e9manant de l'\u00c9diteur du site et\/ou des soci\u00e9t\u00e9s tierces pourront \u00eatre d\u00e9pos\u00e9s sur votre terminal, avec votre accord. Dans ce cas, lors de la premi\u00e8re navigation sur ce site, une banni\u00e8re explicative sur l\u2019utilisation des \u00ab cookies \u00bb appara\u00eetra. Avant de poursuivre la navigation, vous devrez accepter ou refuser l\u2019utilisation desdits \u00ab cookies \u00bb. Le consentement donn\u00e9 sera valable pour une p\u00e9riode de treize (13) mois. L'utilisateur a la possibilit\u00e9 de d\u00e9sactiver les cookies \u00e0 tout moment.<\/p>\n\n\n\n<p class=\"wp-block-paragraph\">Les cookies pr\u00e9sents sur ce site sont des cookies de performance et cookies de fonctionnalit\u00e9 pour offrir une meilleure exp\u00e9rience utilisateur, notamment :<br>Squarespace analytics cookies : permet de mesurer l'audience du site ;<\/p>\n\n\n\n<p class=\"wp-block-paragraph\">La dur\u00e9e de vie de ces cookies est de treize mois.<\/p>\n\n\n\n<p class=\"wp-block-paragraph\"><strong>Article 14 - Photographies&nbsp;<\/strong><\/p>\n\n\n\n<p class=\"wp-block-paragraph\">Les photographies accompagn\u00e9es de leur description ne sont pas contractuelles et n'engagent pas l'\u00c9diteur.<\/p>\n\n\n\n<p class=\"wp-block-paragraph\"><strong>Article 15 - Loi applicable<\/strong><\/p>\n\n\n\n<p class=\"wp-block-paragraph\">Les pr\u00e9sentes conditions d'utilisation des sites sont r\u00e9gies par la loi fran\u00e7aise et soumises \u00e0 la comp\u00e9tence des tribunaux du si\u00e8ge social de l'\u00c9diteur, sous r\u00e9serve d'une attribution de comp\u00e9tence sp\u00e9cifique d\u00e9coulant d'un texte de loi ou r\u00e9glementaire particulier.<\/p>\n\n\n\n<p class=\"wp-block-paragraph\"><strong>Article 16 - Contactez-nous<\/strong><\/p>\n\n\n\n<p class=\"wp-block-paragraph\">Pour toute question, information sur les produits pr\u00e9sent\u00e9s sur les sites, ou concernant les sites eux-m\u00eames, vous pouvez envoyer un message \u00e0 l'adresse suivante : <a href=\"mailto:contact@uprizon.com\">contact@uprizon.com<\/a>.&nbsp;<\/p>","protected":false},"excerpt":{"rendered":"<p>The company Uprizon SAS, concerned about the rights of individuals, particularly with regard to automated processing and in a desire for transparency with its clients, has implemented a privacy policy outlining all its processing activities, the purposes pursued by these activities, and the means available to individuals to best exercise their rights. In accordance with&#8230;<\/p>","protected":false},"author":224843309,"featured_media":0,"parent":0,"menu_order":0,"comment_status":"closed","ping_status":"closed","template":"","meta":{"_kadence_starter_templates_imported_post":false,"_kad_post_transparent":"","_kad_post_title":"","_kad_post_layout":"","_kad_post_sidebar_id":"","_kad_post_content_style":"","_kad_post_vertical_padding":"","_kad_post_feature":"","_kad_post_feature_position":"","_kad_post_header":false,"_kad_post_footer":false,"_wpcom_ai_launchpad_about_page":false,"_wpcom_ai_launchpad_gallery_page":false,"_wpcom_ai_launchpad_contact_page":false,"_wpcom_ai_launchpad_events_page":false,"_wpcom_ai_launchpad_video_page":false,"_wpcom_ai_launchpad_portfolio_piece":false,"footnotes":""},"class_list":["post-1482","page","type-page","status-publish","hentry"],"yoast_head":"<!-- This site is optimized with the Yoast SEO plugin v28.4 - https:\/\/yoast.com\/product\/yoast-seo-wordpress\/ -->\n<title>Legal Notice and Privacy Policy - Uprizon<\/title>\n<meta name=\"robots\" content=\"index, follow, max-snippet:-1, max-image-preview:large, max-video-preview:-1\" \/>\n<link rel=\"canonical\" href=\"https:\/\/uprizon.com\/fr\/legal-notice-and-privacy-policy\/\" \/>\n<meta property=\"og:locale\" content=\"fr_FR\" \/>\n<meta property=\"og:type\" content=\"article\" \/>\n<meta property=\"og:title\" content=\"Legal Notice and Privacy Policy - Uprizon\" \/>\n<meta property=\"og:description\" content=\"The company Uprizon SAS, concerned about the rights of individuals, particularly with regard to automated processing and in a desire for transparency with its clients, has implemented a privacy policy outlining all its processing activities, the purposes pursued by these activities, and the means available to individuals to best exercise their rights. In accordance with...\" \/>\n<meta property=\"og:url\" content=\"https:\/\/uprizon.com\/fr\/legal-notice-and-privacy-policy\/\" \/>\n<meta property=\"og:site_name\" content=\"Uprizon\" \/>\n<meta property=\"article:modified_time\" content=\"2024-04-08T12:15:07+00:00\" \/>\n<meta name=\"twitter:card\" content=\"summary_large_image\" \/>\n<meta name=\"twitter:label1\" content=\"Dur\u00e9e de lecture estim\u00e9e\" \/>\n\t<meta name=\"twitter:data1\" content=\"11 minutes\" \/>\n<script type=\"application\/ld+json\" class=\"yoast-schema-graph\">{\"@context\":\"https:\\\/\\\/schema.org\",\"@graph\":[{\"@type\":\"WebPage\",\"@id\":\"https:\\\/\\\/uprizon.com\\\/legal-notice-and-privacy-policy\\\/\",\"url\":\"https:\\\/\\\/uprizon.com\\\/legal-notice-and-privacy-policy\\\/\",\"name\":\"Legal Notice and Privacy Policy - Uprizon\",\"isPartOf\":{\"@id\":\"https:\\\/\\\/uprizon.com\\\/#website\"},\"datePublished\":\"2024-02-27T12:14:50+00:00\",\"dateModified\":\"2024-04-08T12:15:07+00:00\",\"breadcrumb\":{\"@id\":\"https:\\\/\\\/uprizon.com\\\/legal-notice-and-privacy-policy\\\/#breadcrumb\"},\"inLanguage\":\"fr-FR\",\"potentialAction\":[{\"@type\":\"ReadAction\",\"target\":[\"https:\\\/\\\/uprizon.com\\\/legal-notice-and-privacy-policy\\\/\"]}]},{\"@type\":\"BreadcrumbList\",\"@id\":\"https:\\\/\\\/uprizon.com\\\/legal-notice-and-privacy-policy\\\/#breadcrumb\",\"itemListElement\":[{\"@type\":\"ListItem\",\"position\":1,\"name\":\"Home\",\"item\":\"https:\\\/\\\/uprizon.com\\\/\"},{\"@type\":\"ListItem\",\"position\":2,\"name\":\"Legal Notice and Privacy Policy\"}]},{\"@type\":\"WebSite\",\"@id\":\"https:\\\/\\\/uprizon.com\\\/#website\",\"url\":\"https:\\\/\\\/uprizon.com\\\/\",\"name\":\"Uprizon\",\"description\":\"A Bold Company\",\"publisher\":{\"@id\":\"https:\\\/\\\/uprizon.com\\\/#organization\"},\"potentialAction\":[{\"@type\":\"SearchAction\",\"target\":{\"@type\":\"EntryPoint\",\"urlTemplate\":\"https:\\\/\\\/uprizon.com\\\/?s={search_term_string}\"},\"query-input\":{\"@type\":\"PropertyValueSpecification\",\"valueRequired\":true,\"valueName\":\"search_term_string\"}}],\"inLanguage\":\"fr-FR\"},{\"@type\":\"Organization\",\"@id\":\"https:\\\/\\\/uprizon.com\\\/#organization\",\"name\":\"Uprizon\",\"url\":\"https:\\\/\\\/uprizon.com\\\/\",\"logo\":{\"@type\":\"ImageObject\",\"inLanguage\":\"fr-FR\",\"@id\":\"https:\\\/\\\/uprizon.com\\\/#\\\/schema\\\/logo\\\/image\\\/\",\"url\":\"https:\\\/\\\/i0.wp.com\\\/uprizon.com\\\/wp-content\\\/uploads\\\/2024\\\/03\\\/rect1-1.png?fit=573%2C211&ssl=1\",\"contentUrl\":\"https:\\\/\\\/i0.wp.com\\\/uprizon.com\\\/wp-content\\\/uploads\\\/2024\\\/03\\\/rect1-1.png?fit=573%2C211&ssl=1\",\"width\":573,\"height\":211,\"caption\":\"Uprizon\"},\"image\":{\"@id\":\"https:\\\/\\\/uprizon.com\\\/#\\\/schema\\\/logo\\\/image\\\/\"},\"sameAs\":[\"https:\\\/\\\/www.linkedin.com\\\/company\\\/uprizon\\\/\"]}]}<\/script>\n<!-- \/ Yoast SEO plugin. -->","yoast_head_json":{"title":"Legal Notice and Privacy Policy - Uprizon","robots":{"index":"index","follow":"follow","max-snippet":"max-snippet:-1","max-image-preview":"max-image-preview:large","max-video-preview":"max-video-preview:-1"},"canonical":"https:\/\/uprizon.com\/fr\/legal-notice-and-privacy-policy\/","og_locale":"fr_FR","og_type":"article","og_title":"Legal Notice and Privacy Policy - Uprizon","og_description":"The company Uprizon SAS, concerned about the rights of individuals, particularly with regard to automated processing and in a desire for transparency with its clients, has implemented a privacy policy outlining all its processing activities, the purposes pursued by these activities, and the means available to individuals to best exercise their rights. In accordance with...","og_url":"https:\/\/uprizon.com\/fr\/legal-notice-and-privacy-policy\/","og_site_name":"Uprizon","article_modified_time":"2024-04-08T12:15:07+00:00","twitter_card":"summary_large_image","twitter_misc":{"Dur\u00e9e de lecture estim\u00e9e":"11 minutes"},"schema":{"@context":"https:\/\/schema.org","@graph":[{"@type":"WebPage","@id":"https:\/\/uprizon.com\/legal-notice-and-privacy-policy\/","url":"https:\/\/uprizon.com\/legal-notice-and-privacy-policy\/","name":"Legal Notice and Privacy Policy - Uprizon","isPartOf":{"@id":"https:\/\/uprizon.com\/#website"},"datePublished":"2024-02-27T12:14:50+00:00","dateModified":"2024-04-08T12:15:07+00:00","breadcrumb":{"@id":"https:\/\/uprizon.com\/legal-notice-and-privacy-policy\/#breadcrumb"},"inLanguage":"fr-FR","potentialAction":[{"@type":"ReadAction","target":["https:\/\/uprizon.com\/legal-notice-and-privacy-policy\/"]}]},{"@type":"BreadcrumbList","@id":"https:\/\/uprizon.com\/legal-notice-and-privacy-policy\/#breadcrumb","itemListElement":[{"@type":"ListItem","position":1,"name":"Home","item":"https:\/\/uprizon.com\/"},{"@type":"ListItem","position":2,"name":"Legal Notice and Privacy Policy"}]},{"@type":"WebSite","@id":"https:\/\/uprizon.com\/#website","url":"https:\/\/uprizon.com\/","name":"Uprizon","description":"A Bold Company","publisher":{"@id":"https:\/\/uprizon.com\/#organization"},"potentialAction":[{"@type":"SearchAction","target":{"@type":"EntryPoint","urlTemplate":"https:\/\/uprizon.com\/?s={search_term_string}"},"query-input":{"@type":"PropertyValueSpecification","valueRequired":true,"valueName":"search_term_string"}}],"inLanguage":"fr-FR"},{"@type":"Organization","@id":"https:\/\/uprizon.com\/#organization","name":"Uprizon","url":"https:\/\/uprizon.com\/","logo":{"@type":"ImageObject","inLanguage":"fr-FR","@id":"https:\/\/uprizon.com\/#\/schema\/logo\/image\/","url":"https:\/\/i0.wp.com\/uprizon.com\/wp-content\/uploads\/2024\/03\/rect1-1.png?fit=573%2C211&ssl=1","contentUrl":"https:\/\/i0.wp.com\/uprizon.com\/wp-content\/uploads\/2024\/03\/rect1-1.png?fit=573%2C211&ssl=1","width":573,"height":211,"caption":"Uprizon"},"image":{"@id":"https:\/\/uprizon.com\/#\/schema\/logo\/image\/"},"sameAs":["https:\/\/www.linkedin.com\/company\/uprizon\/"]}]}},"jetpack_likes_enabled":false,"jetpack_sharing_enabled":true,"jetpack_shortlink":"https:\/\/wp.me\/PfmxL0-nU","jetpack-related-posts":[],"_links":{"self":[{"href":"https:\/\/uprizon.com\/fr\/wp-json\/wp\/v2\/pages\/1482","targetHints":{"allow":["GET"]}}],"collection":[{"href":"https:\/\/uprizon.com\/fr\/wp-json\/wp\/v2\/pages"}],"about":[{"href":"https:\/\/uprizon.com\/fr\/wp-json\/wp\/v2\/types\/page"}],"author":[{"embeddable":true,"href":"https:\/\/uprizon.com\/fr\/wp-json\/wp\/v2\/users\/224843309"}],"replies":[{"embeddable":true,"href":"https:\/\/uprizon.com\/fr\/wp-json\/wp\/v2\/comments?post=1482"}],"version-history":[{"count":14,"href":"https:\/\/uprizon.com\/fr\/wp-json\/wp\/v2\/pages\/1482\/revisions"}],"predecessor-version":[{"id":2111,"href":"https:\/\/uprizon.com\/fr\/wp-json\/wp\/v2\/pages\/1482\/revisions\/2111"}],"wp:attachment":[{"href":"https:\/\/uprizon.com\/fr\/wp-json\/wp\/v2\/media?parent=1482"}],"curies":[{"name":"wp","href":"https:\/\/api.w.org\/{rel}","templated":true}]}}